{"id":493,"date":"2022-04-28T12:00:57","date_gmt":"2022-04-28T17:00:57","guid":{"rendered":"https:\/\/lgbtq.versionbeta.ca\/?post_type=formation&#038;p=493"},"modified":"2022-05-06T08:16:51","modified_gmt":"2022-05-06T13:16:51","slug":"les-visages-de-la-diversite","status":"publish","type":"formation","link":"https:\/\/inclusion-lgbtq2.ca\/en\/formation\/les-visages-de-la-diversite\/","title":{"rendered":"Formation \u00ab Les vis\u00c2ges de la diversit\u00e9 \u00bb"},"content":{"rendered":"\n<p>Cette formation vise \u00e0 faire prendre conscience des enjeux li\u00e9s \u00e0 la diversit\u00e9 sexuelle et la pluralit\u00e9 des genres chez les personnes a\u00een\u00e9es et \u00e0 am\u00e9liorer la bientraitance des personnes a\u00een\u00e9es, notamment en outillant les intervenant.e.s qui \u0153uvrent aupr\u00e8s de celles-ci.<\/p>\n","protected":false},"featured_media":0,"template":"","categories":[12],"tags":[79,82,78],"class_list":["post-493","formation","type-formation","status-publish","hentry","category-presentielle","tag-ainee","tag-ainees","tag-aines"],"acf":[],"yoast_head":"<!-- This site is optimized with the Yoast SEO plugin v27.0 - https:\/\/yoast.com\/product\/yoast-seo-wordpress\/ -->\n<title>Inclusion LGBTQ2+ | Formation et sensibilisation LGBTQ2+ au Qu\u00e9bec<\/title>\n<meta name=\"description\" content=\"Trouvez une activit\u00e9 de formation ou de sensibilisation sur les enjeux LGBTQ2+ adapt\u00e9e \u00e0 votre milieu et \u00e0 vos besoins!\" \/>\n<meta name=\"robots\" content=\"index, follow, max-snippet:-1, max-image-preview:large, max-video-preview:-1\" \/>\n<link rel=\"canonical\" href=\"https:\/\/inclusion-lgbtq2.ca\/en\/formation\/les-visages-de-la-diversite\/\" \/>\n<meta property=\"og:locale\" content=\"en_US\" \/>\n<meta property=\"og:type\" content=\"article\" \/>\n<meta property=\"og:title\" content=\"Inclusion LGBTQ2+ | Formation et sensibilisation LGBTQ2+ au Qu\u00e9bec\" \/>\n<meta property=\"og:description\" content=\"Trouvez une activit\u00e9 de formation ou de sensibilisation sur les enjeux LGBTQ2+ adapt\u00e9e \u00e0 votre milieu et \u00e0 vos besoins!\" \/>\n<meta property=\"og:url\" content=\"https:\/\/inclusion-lgbtq2.ca\/en\/formation\/les-visages-de-la-diversite\/\" \/>\n<meta property=\"og:site_name\" content=\"Inclusion LGBTQ2+\" \/>\n<meta property=\"article:publisher\" content=\"https:\/\/www.facebook.com\/CQLGBT\" \/>\n<meta property=\"article:modified_time\" content=\"2022-05-06T13:16:51+00:00\" \/>\n<meta name=\"twitter:card\" content=\"summary_large_image\" \/>\n<script type=\"application\/ld+json\" class=\"yoast-schema-graph\">{\"@context\":\"https:\/\/schema.org\",\"@graph\":[{\"@type\":\"WebPage\",\"@id\":\"https:\/\/inclusion-lgbtq2.ca\/en\/formation\/les-visages-de-la-diversite\/\",\"url\":\"https:\/\/inclusion-lgbtq2.ca\/en\/formation\/les-visages-de-la-diversite\/\",\"name\":\"Inclusion LGBTQ2+ | Formation et sensibilisation LGBTQ2+ au Qu\u00e9bec\",\"isPartOf\":{\"@id\":\"https:\/\/inclusion-lgbtq2.ca\/en\/#website\"},\"datePublished\":\"2022-04-28T17:00:57+00:00\",\"dateModified\":\"2022-05-06T13:16:51+00:00\",\"description\":\"Trouvez une activit\u00e9 de formation ou de sensibilisation sur les enjeux LGBTQ2+ adapt\u00e9e \u00e0 votre milieu et \u00e0 vos besoins!\",\"breadcrumb\":{\"@id\":\"https:\/\/inclusion-lgbtq2.ca\/en\/formation\/les-visages-de-la-diversite\/#breadcrumb\"},\"inLanguage\":\"en-US\",\"potentialAction\":[{\"@type\":\"ReadAction\",\"target\":[\"https:\/\/inclusion-lgbtq2.ca\/en\/formation\/les-visages-de-la-diversite\/\"]}]},{\"@type\":\"BreadcrumbList\",\"@id\":\"https:\/\/inclusion-lgbtq2.ca\/en\/formation\/les-visages-de-la-diversite\/#breadcrumb\",\"itemListElement\":[{\"@type\":\"ListItem\",\"position\":1,\"name\":\"Accueil\",\"item\":\"https:\/\/inclusion-lgbtq2.ca\/en\/\"},{\"@type\":\"ListItem\",\"position\":2,\"name\":\"Formation \u00ab Les vis\u00c2ges de la diversit\u00e9 \u00bb\"}]},{\"@type\":\"WebSite\",\"@id\":\"https:\/\/inclusion-lgbtq2.ca\/en\/#website\",\"url\":\"https:\/\/inclusion-lgbtq2.ca\/en\/\",\"name\":\"Inclusion LGBTQ2+\",\"description\":\"Le r\u00e9pertoire des activit\u00e9s de formation et de sensibilisation aux r\u00e9alit\u00e9s LGBTQ2+ au Qu\u00e9bec\",\"publisher\":{\"@id\":\"https:\/\/inclusion-lgbtq2.ca\/en\/#organization\"},\"potentialAction\":[{\"@type\":\"SearchAction\",\"target\":{\"@type\":\"EntryPoint\",\"urlTemplate\":\"https:\/\/inclusion-lgbtq2.ca\/en\/?s={search_term_string}\"},\"query-input\":{\"@type\":\"PropertyValueSpecification\",\"valueRequired\":true,\"valueName\":\"search_term_string\"}}],\"inLanguage\":\"en-US\"},{\"@type\":\"Organization\",\"@id\":\"https:\/\/inclusion-lgbtq2.ca\/en\/#organization\",\"name\":\"Inclusion LGBTQ2+\",\"url\":\"https:\/\/inclusion-lgbtq2.ca\/en\/\",\"logo\":{\"@type\":\"ImageObject\",\"inLanguage\":\"en-US\",\"@id\":\"https:\/\/inclusion-lgbtq2.ca\/en\/#\/schema\/logo\/image\/\",\"url\":\"https:\/\/inclusion-lgbtq2.ca\/wp-content\/uploads\/2022\/04\/Inclusion-LGBTQ2_Noir_RVB-1.svg\",\"contentUrl\":\"https:\/\/inclusion-lgbtq2.ca\/wp-content\/uploads\/2022\/04\/Inclusion-LGBTQ2_Noir_RVB-1.svg\",\"width\":\"1024\",\"height\":\"1024\",\"caption\":\"Inclusion LGBTQ2+\"},\"image\":{\"@id\":\"https:\/\/inclusion-lgbtq2.ca\/en\/#\/schema\/logo\/image\/\"},\"sameAs\":[\"https:\/\/www.facebook.com\/CQLGBT\",\"https:\/\/www.instagram.com\/conseilquebecoislgbt\/\",\"https:\/\/www.linkedin.com\/company\/cq-lgbt\/?viewAsMember=true\"]}]}<\/script>\n<!-- \/ Yoast SEO plugin. -->","yoast_head_json":{"title":"Inclusion LGBTQ2+ | Formation et sensibilisation LGBTQ2+ au Qu\u00e9bec","description":"Trouvez une activit\u00e9 de formation ou de sensibilisation sur les enjeux LGBTQ2+ adapt\u00e9e \u00e0 votre milieu et \u00e0 vos besoins!","robots":{"index":"index","follow":"follow","max-snippet":"max-snippet:-1","max-image-preview":"max-image-preview:large","max-video-preview":"max-video-preview:-1"},"canonical":"https:\/\/inclusion-lgbtq2.ca\/en\/formation\/les-visages-de-la-diversite\/","og_locale":"en_US","og_type":"article","og_title":"Inclusion LGBTQ2+ | Formation et sensibilisation LGBTQ2+ au Qu\u00e9bec","og_description":"Trouvez une activit\u00e9 de formation ou de sensibilisation sur les enjeux LGBTQ2+ adapt\u00e9e \u00e0 votre milieu et \u00e0 vos besoins!","og_url":"https:\/\/inclusion-lgbtq2.ca\/en\/formation\/les-visages-de-la-diversite\/","og_site_name":"Inclusion LGBTQ2+","article_publisher":"https:\/\/www.facebook.com\/CQLGBT","article_modified_time":"2022-05-06T13:16:51+00:00","twitter_card":"summary_large_image","schema":{"@context":"https:\/\/schema.org","@graph":[{"@type":"WebPage","@id":"https:\/\/inclusion-lgbtq2.ca\/en\/formation\/les-visages-de-la-diversite\/","url":"https:\/\/inclusion-lgbtq2.ca\/en\/formation\/les-visages-de-la-diversite\/","name":"Inclusion LGBTQ2+ | Formation et sensibilisation LGBTQ2+ au Qu\u00e9bec","isPartOf":{"@id":"https:\/\/inclusion-lgbtq2.ca\/en\/#website"},"datePublished":"2022-04-28T17:00:57+00:00","dateModified":"2022-05-06T13:16:51+00:00","description":"Trouvez une activit\u00e9 de formation ou de sensibilisation sur les enjeux LGBTQ2+ adapt\u00e9e \u00e0 votre milieu et \u00e0 vos besoins!","breadcrumb":{"@id":"https:\/\/inclusion-lgbtq2.ca\/en\/formation\/les-visages-de-la-diversite\/#breadcrumb"},"inLanguage":"en-US","potentialAction":[{"@type":"ReadAction","target":["https:\/\/inclusion-lgbtq2.ca\/en\/formation\/les-visages-de-la-diversite\/"]}]},{"@type":"BreadcrumbList","@id":"https:\/\/inclusion-lgbtq2.ca\/en\/formation\/les-visages-de-la-diversite\/#breadcrumb","itemListElement":[{"@type":"ListItem","position":1,"name":"Accueil","item":"https:\/\/inclusion-lgbtq2.ca\/en\/"},{"@type":"ListItem","position":2,"name":"Formation \u00ab Les vis\u00c2ges de la diversit\u00e9 \u00bb"}]},{"@type":"WebSite","@id":"https:\/\/inclusion-lgbtq2.ca\/en\/#website","url":"https:\/\/inclusion-lgbtq2.ca\/en\/","name":"Inclusion LGBTQ2+","description":"Le r\u00e9pertoire des activit\u00e9s de formation et de sensibilisation aux r\u00e9alit\u00e9s LGBTQ2+ au Qu\u00e9bec","publisher":{"@id":"https:\/\/inclusion-lgbtq2.ca\/en\/#organization"},"potentialAction":[{"@type":"SearchAction","target":{"@type":"EntryPoint","urlTemplate":"https:\/\/inclusion-lgbtq2.ca\/en\/?s={search_term_string}"},"query-input":{"@type":"PropertyValueSpecification","valueRequired":true,"valueName":"search_term_string"}}],"inLanguage":"en-US"},{"@type":"Organization","@id":"https:\/\/inclusion-lgbtq2.ca\/en\/#organization","name":"Inclusion LGBTQ2+","url":"https:\/\/inclusion-lgbtq2.ca\/en\/","logo":{"@type":"ImageObject","inLanguage":"en-US","@id":"https:\/\/inclusion-lgbtq2.ca\/en\/#\/schema\/logo\/image\/","url":"https:\/\/inclusion-lgbtq2.ca\/wp-content\/uploads\/2022\/04\/Inclusion-LGBTQ2_Noir_RVB-1.svg","contentUrl":"https:\/\/inclusion-lgbtq2.ca\/wp-content\/uploads\/2022\/04\/Inclusion-LGBTQ2_Noir_RVB-1.svg","width":"1024","height":"1024","caption":"Inclusion LGBTQ2+"},"image":{"@id":"https:\/\/inclusion-lgbtq2.ca\/en\/#\/schema\/logo\/image\/"},"sameAs":["https:\/\/www.facebook.com\/CQLGBT","https:\/\/www.instagram.com\/conseilquebecoislgbt\/","https:\/\/www.linkedin.com\/company\/cq-lgbt\/?viewAsMember=true"]}]}},"_links":{"self":[{"href":"https:\/\/inclusion-lgbtq2.ca\/en\/wp-json\/wp\/v2\/formation\/493","targetHints":{"allow":["GET"]}}],"collection":[{"href":"https:\/\/inclusion-lgbtq2.ca\/en\/wp-json\/wp\/v2\/formation"}],"about":[{"href":"https:\/\/inclusion-lgbtq2.ca\/en\/wp-json\/wp\/v2\/types\/formation"}],"wp:attachment":[{"href":"https:\/\/inclusion-lgbtq2.ca\/en\/wp-json\/wp\/v2\/media?parent=493"}],"wp:term":[{"taxonomy":"category","embeddable":true,"href":"https:\/\/inclusion-lgbtq2.ca\/en\/wp-json\/wp\/v2\/categories?post=493"},{"taxonomy":"post_tag","embeddable":true,"href":"https:\/\/inclusion-lgbtq2.ca\/en\/wp-json\/wp\/v2\/tags?post=493"}],"curies":[{"name":"wp","href":"https:\/\/api.w.org\/{rel}","templated":true}]}}